{"id":19386,"date":"2023-06-23T08:20:23","date_gmt":"2023-06-23T06:20:23","guid":{"rendered":"https:\/\/nzjz-split.hr\/?page_id=19386"},"modified":"2024-10-10T09:02:42","modified_gmt":"2024-10-10T07:02:42","slug":"zrelo-doba-arhiva","status":"publish","type":"page","link":"https:\/\/nzjz-split.hr\/en\/zrelo-doba-arhiva\/","title":{"rendered":"Zrelo doba &#8211; arhiva"},"content":{"rendered":"<div data-elementor-type=\"wp-page\" data-elementor-id=\"19386\" class=\"elementor elementor-19386\" data-elementor-post-type=\"page\">\n\t\t\t\t\t\t<section class=\"elementor-section elementor-top-section elementor-element elementor-element-3c39a1a elementor-section-boxed elementor-section-height-default elementor-section-height-default\" data-id=\"3c39a1a\" data-element_type=\"section\" data-e-type=\"section\">\n\t\t\t\t\t\t<div class=\"elementor-container elementor-column-gap-default\">\n\t\t\t\t\t<div class=\"elementor-column elementor-col-100 elementor-top-column elementor-element elementor-element-6342ee4\" data-id=\"6342ee4\" data-element_type=\"column\" data-e-type=\"column\">\n\t\t\t<div class=\"elementor-widget-wrap elementor-element-populated\">\n\t\t\t\t\t\t<div class=\"elementor-element elementor-element-82ab9d1 elementor-widget elementor-widget-spacer\" data-id=\"82ab9d1\" data-element_type=\"widget\" data-e-type=\"widget\" data-widget_type=\"spacer.default\">\n\t\t\t\t<div class=\"elementor-widget-container\">\n\t\t\t\t\t\t\t<div class=\"elementor-spacer\">\n\t\t\t<div class=\"elementor-spacer-inner\"><\/div>\n\t\t<\/div>\n\t\t\t\t\t\t<\/div>\n\t\t\t\t<\/div>\n\t\t\t\t<div class=\"elementor-element elementor-element-f55f1b7 elementor-widget elementor-widget-heading\" data-id=\"f55f1b7\" data-element_type=\"widget\" data-e-type=\"widget\" data-widget_type=\"heading.default\">\n\t\t\t\t<div class=\"elementor-widget-container\">\n\t\t\t\t\t<h2 class=\"elementor-heading-title elementor-size-default\">Zrelo doba - arhiva<\/h2>\t\t\t\t<\/div>\n\t\t\t\t<\/div>\n\t\t\t\t\t<\/div>\n\t\t<\/div>\n\t\t\t\t\t<\/div>\n\t\t<\/section>\n\t\t\t\t<section class=\"elementor-section elementor-top-section elementor-element elementor-element-383098d elementor-section-boxed elementor-section-height-default elementor-section-height-default\" data-id=\"383098d\" data-element_type=\"section\" data-e-type=\"section\">\n\t\t\t\t\t\t<div class=\"elementor-container elementor-column-gap-default\">\n\t\t\t\t\t<div class=\"elementor-column elementor-col-100 elementor-top-column elementor-element elementor-element-e0c2d52\" data-id=\"e0c2d52\" data-element_type=\"column\" data-e-type=\"column\">\n\t\t\t<div class=\"elementor-widget-wrap elementor-element-populated\">\n\t\t\t\t\t\t<div class=\"elementor-element elementor-element-4000f37 elementor-widget elementor-widget-spacer\" data-id=\"4000f37\" data-element_type=\"widget\" data-e-type=\"widget\" data-widget_type=\"spacer.default\">\n\t\t\t\t<div class=\"elementor-widget-container\">\n\t\t\t\t\t\t\t<div class=\"elementor-spacer\">\n\t\t\t<div class=\"elementor-spacer-inner\"><\/div>\n\t\t<\/div>\n\t\t\t\t\t\t<\/div>\n\t\t\t\t<\/div>\n\t\t\t\t<div class=\"elementor-element elementor-element-ba07924 elementor-grid-3 elementor-grid-tablet-2 elementor-grid-mobile-1 elementor-posts--thumbnail-top elementor-posts--show-avatar elementor-card-shadow-yes elementor-posts__hover-gradient elementor-widget elementor-widget-posts\" data-id=\"ba07924\" data-element_type=\"widget\" data-e-type=\"widget\" data-settings=\"{&quot;pagination_type&quot;:&quot;numbers&quot;,&quot;cards_columns&quot;:&quot;3&quot;,&quot;cards_columns_tablet&quot;:&quot;2&quot;,&quot;cards_columns_mobile&quot;:&quot;1&quot;,&quot;cards_row_gap&quot;:{&quot;unit&quot;:&quot;px&quot;,&quot;size&quot;:35,&quot;sizes&quot;:[]},&quot;cards_row_gap_tablet&quot;:{&quot;unit&quot;:&quot;px&quot;,&quot;size&quot;:&quot;&quot;,&quot;sizes&quot;:[]},&quot;cards_row_gap_mobile&quot;:{&quot;unit&quot;:&quot;px&quot;,&quot;size&quot;:&quot;&quot;,&quot;sizes&quot;:[]}}\" data-widget_type=\"posts.cards\">\n\t\t\t\t<div class=\"elementor-widget-container\">\n\t\t\t\t\t\t\t<div class=\"elementor-posts-container elementor-posts elementor-posts--skin-cards elementor-grid\" role=\"list\">\n\t\t\t\t<article class=\"elementor-post elementor-grid-item post-29789 post type-post status-publish format-standard has-post-thumbnail hentry category-zrelo-doba\" role=\"listitem\">\n\t\t\t<div class=\"elementor-post__card\">\n\t\t\t\t<a class=\"elementor-post__thumbnail__link\" href=\"https:\/\/nzjz-split.hr\/en\/digitalne-tehnologije-u-unapredenju-skrbi-za-osobe-starije-dobi\/\" tabindex=\"-1\" ><div class=\"elementor-post__thumbnail\"><img fetchpriority=\"high\" decoding=\"async\" width=\"300\" height=\"225\" src=\"https:\/\/nzjz-split.hr\/wp-content\/uploads\/2026\/03\/digitalne_tehnologije_naslovnica.jpg\" class=\"attachment-medium size-medium wp-image-29797\" alt=\"stru\u010dni skup \u201eDigitalne tehnologije u unapre\u0111enju skrbi za starije osobe\u201c\" srcset=\"https:\/\/nzjz-split.hr\/wp-content\/uploads\/2026\/03\/digitalne_tehnologije_naslovnica.jpg 1200w, https:\/\/nzjz-split.hr\/wp-content\/uploads\/2026\/03\/digitalne_tehnologije_naslovnica-16x12.jpg 16w, https:\/\/nzjz-split.hr\/wp-content\/uploads\/2026\/03\/digitalne_tehnologije_naslovnica-600x450.jpg 600w\" sizes=\"(max-width: 300px) 100vw, 300px\" \/><\/div><\/a>\n\t\t\t\t<div class=\"elementor-post__badge\">Zrelo doba<\/div>\n\t\t\t\t<div class=\"elementor-post__avatar\">\n\t\t\t<img alt='Ivana' src='https:\/\/nzjz-split.hr\/wp-content\/litespeed\/avatar\/f3a017e46ef98f192d1342279626712f.jpg?ver=1777499300' srcset='https:\/\/nzjz-split.hr\/wp-content\/litespeed\/avatar\/2579460c1a58e5194ca102bacfdc29f0.jpg?ver=1777499301 2x' class='avatar avatar-128 photo' height='128' width='128' \/>\t\t<\/div>\n\t\t\t\t<div class=\"elementor-post__text\">\n\t\t\t\t<h3 class=\"elementor-post__title\">\n\t\t\t<a href=\"https:\/\/nzjz-split.hr\/en\/digitalne-tehnologije-u-unapredenju-skrbi-za-osobe-starije-dobi\/\" >\n\t\t\t\tDigitalne tehnologije u unapre\u0111enju skrbi za osobe starije dobi\t\t\t<\/a>\n\t\t<\/h3>\n\t\t\t\t<div class=\"elementor-post__excerpt\">\n\t\t\t<p>Dana 10. o\u017eujka 2026. godine u knji\u017enici Nastavnog zavoda za javno zdravstvo Splitsko-dalmatinske \u017eupanije odr\u017ean je stru\u010dni skup \u201eDigitalne tehnologije u unapre\u0111enju skrbi za starije<\/p>\n\t\t<\/div>\n\t\t\n\t\t<a class=\"elementor-post__read-more\" href=\"https:\/\/nzjz-split.hr\/en\/digitalne-tehnologije-u-unapredenju-skrbi-za-osobe-starije-dobi\/\" aria-label=\"Read more about Digitalne tehnologije u unapre\u0111enju skrbi za osobe starije dobi\" tabindex=\"-1\" >\n\t\t\tLearn more\t\t<\/a>\n\n\t\t\t\t<\/div>\n\t\t\t\t<div class=\"elementor-post__meta-data\">\n\t\t\t\t\t<span class=\"elementor-post-date\">\n\t\t\t11.03.2026.\t\t<\/span>\n\t\t\t\t<\/div>\n\t\t\t\t\t<\/div>\n\t\t<\/article>\n\t\t\t\t<article class=\"elementor-post elementor-grid-item post-29213 post type-post status-publish format-standard has-post-thumbnail hentry category-zrelo-doba\" role=\"listitem\">\n\t\t\t<div class=\"elementor-post__card\">\n\t\t\t\t<a class=\"elementor-post__thumbnail__link\" href=\"https:\/\/nzjz-split.hr\/en\/zima-i-zdravlje-starijih-osoba-gerontoloske-radionice-o-rizicima-hladnoce-i-mjerama-prevencije\/\" tabindex=\"-1\" ><div class=\"elementor-post__thumbnail\"><img decoding=\"async\" width=\"300\" height=\"225\" src=\"https:\/\/nzjz-split.hr\/wp-content\/uploads\/2025\/12\/utjecaj_hladnoce_na_zdravlje_starijih.jpg\" class=\"attachment-medium size-medium wp-image-29218\" alt=\"utjecaj hladno\u0107e na zdravlje starijih\" srcset=\"https:\/\/nzjz-split.hr\/wp-content\/uploads\/2025\/12\/utjecaj_hladnoce_na_zdravlje_starijih.jpg 4000w, https:\/\/nzjz-split.hr\/wp-content\/uploads\/2025\/12\/utjecaj_hladnoce_na_zdravlje_starijih-16x12.jpg 16w, https:\/\/nzjz-split.hr\/wp-content\/uploads\/2025\/12\/utjecaj_hladnoce_na_zdravlje_starijih-600x450.jpg 600w\" sizes=\"(max-width: 300px) 100vw, 300px\" \/><\/div><\/a>\n\t\t\t\t<div class=\"elementor-post__badge\">Zrelo doba<\/div>\n\t\t\t\t<div class=\"elementor-post__avatar\">\n\t\t\t<img alt='Ivana' src='https:\/\/nzjz-split.hr\/wp-content\/litespeed\/avatar\/f3a017e46ef98f192d1342279626712f.jpg?ver=1777499300' srcset='https:\/\/nzjz-split.hr\/wp-content\/litespeed\/avatar\/2579460c1a58e5194ca102bacfdc29f0.jpg?ver=1777499301 2x' class='avatar avatar-128 photo' height='128' width='128' \/>\t\t<\/div>\n\t\t\t\t<div class=\"elementor-post__text\">\n\t\t\t\t<h3 class=\"elementor-post__title\">\n\t\t\t<a href=\"https:\/\/nzjz-split.hr\/en\/zima-i-zdravlje-starijih-osoba-gerontoloske-radionice-o-rizicima-hladnoce-i-mjerama-prevencije\/\" >\n\t\t\t\tZima i zdravlje starijih osoba: Gerontolo\u0161ke radionice o rizicima hladno\u0107e i mjerama prevencije\t\t\t<\/a>\n\t\t<\/h3>\n\t\t\t\t<div class=\"elementor-post__excerpt\">\n\t\t\t<p>Hladno vrijeme i niske temperature predstavljaju ozbiljnu zdravstvenu prijetnju za starije osobe jer njihovo tijelo zbog promjena uzrokovanih starenjem te\u017ee podnosi hladno\u0107u. Starenjem tijelo gubi<\/p>\n\t\t<\/div>\n\t\t\n\t\t<a class=\"elementor-post__read-more\" href=\"https:\/\/nzjz-split.hr\/en\/zima-i-zdravlje-starijih-osoba-gerontoloske-radionice-o-rizicima-hladnoce-i-mjerama-prevencije\/\" aria-label=\"Read more about Zima i zdravlje starijih osoba: Gerontolo\u0161ke radionice o rizicima hladno\u0107e i mjerama prevencije\" tabindex=\"-1\" >\n\t\t\tLearn more\t\t<\/a>\n\n\t\t\t\t<\/div>\n\t\t\t\t<div class=\"elementor-post__meta-data\">\n\t\t\t\t\t<span class=\"elementor-post-date\">\n\t\t\t18.12.2025.\t\t<\/span>\n\t\t\t\t<\/div>\n\t\t\t\t\t<\/div>\n\t\t<\/article>\n\t\t\t\t<article class=\"elementor-post elementor-grid-item post-28633 post type-post status-publish format-standard has-post-thumbnail hentry category-zrelo-doba\" role=\"listitem\">\n\t\t\t<div class=\"elementor-post__card\">\n\t\t\t\t<a class=\"elementor-post__thumbnail__link\" href=\"https:\/\/nzjz-split.hr\/en\/31-gerontoloska-tribina-krhke-kosti-veliki-izazovi-osteoporoza-i-osteoporotski-prijelomi\/\" tabindex=\"-1\" ><div class=\"elementor-post__thumbnail\"><img decoding=\"async\" width=\"300\" height=\"225\" src=\"https:\/\/nzjz-split.hr\/wp-content\/uploads\/2025\/10\/31_gt_naslovnica.jpg\" class=\"attachment-medium size-medium wp-image-28638\" alt=\"31. gerontolo\u0161ka tribina\" srcset=\"https:\/\/nzjz-split.hr\/wp-content\/uploads\/2025\/10\/31_gt_naslovnica.jpg 2000w, https:\/\/nzjz-split.hr\/wp-content\/uploads\/2025\/10\/31_gt_naslovnica-16x12.jpg 16w, https:\/\/nzjz-split.hr\/wp-content\/uploads\/2025\/10\/31_gt_naslovnica-600x450.jpg 600w\" sizes=\"(max-width: 300px) 100vw, 300px\" \/><\/div><\/a>\n\t\t\t\t<div class=\"elementor-post__badge\">Zrelo doba<\/div>\n\t\t\t\t<div class=\"elementor-post__avatar\">\n\t\t\t<img alt='Ivana' src='https:\/\/nzjz-split.hr\/wp-content\/litespeed\/avatar\/f3a017e46ef98f192d1342279626712f.jpg?ver=1777499300' srcset='https:\/\/nzjz-split.hr\/wp-content\/litespeed\/avatar\/2579460c1a58e5194ca102bacfdc29f0.jpg?ver=1777499301 2x' class='avatar avatar-128 photo' height='128' width='128' \/>\t\t<\/div>\n\t\t\t\t<div class=\"elementor-post__text\">\n\t\t\t\t<h3 class=\"elementor-post__title\">\n\t\t\t<a href=\"https:\/\/nzjz-split.hr\/en\/31-gerontoloska-tribina-krhke-kosti-veliki-izazovi-osteoporoza-i-osteoporotski-prijelomi\/\" >\n\t\t\t\t31. Gerontolo\u0161ka tribina: Krhke kosti, veliki izazovi &#8211; osteoporoza i osteoporotski prijelomi\t\t\t<\/a>\n\t\t<\/h3>\n\t\t\t\t<div class=\"elementor-post__excerpt\">\n\t\t\t<p>Povodom Me\u0111unarodnog dana starijih osoba i Svjetskog dana osteoproze u organizaciji Odjela za gerontologiju, Slu\u017ebe za javno zdravstvo i promicanje zdravlja NZJZ SD\u017d, 01. listopada<\/p>\n\t\t<\/div>\n\t\t\n\t\t<a class=\"elementor-post__read-more\" href=\"https:\/\/nzjz-split.hr\/en\/31-gerontoloska-tribina-krhke-kosti-veliki-izazovi-osteoporoza-i-osteoporotski-prijelomi\/\" aria-label=\"Read more about 31. Gerontolo\u0161ka tribina: Krhke kosti, veliki izazovi &#8211; osteoporoza i osteoporotski prijelomi\" tabindex=\"-1\" >\n\t\t\tLearn more\t\t<\/a>\n\n\t\t\t\t<\/div>\n\t\t\t\t<div class=\"elementor-post__meta-data\">\n\t\t\t\t\t<span class=\"elementor-post-date\">\n\t\t\t20.10.2025.\t\t<\/span>\n\t\t\t\t<\/div>\n\t\t\t\t\t<\/div>\n\t\t<\/article>\n\t\t\t\t<article class=\"elementor-post elementor-grid-item post-28603 post type-post status-publish format-standard has-post-thumbnail hentry category-zrelo-doba\" role=\"listitem\">\n\t\t\t<div class=\"elementor-post__card\">\n\t\t\t\t<a class=\"elementor-post__thumbnail__link\" href=\"https:\/\/nzjz-split.hr\/en\/gerontoloska-radionica-o-tjelesnoj-aktivnosti-kod-osoba-trece-zivotne-dobi\/\" tabindex=\"-1\" ><div class=\"elementor-post__thumbnail\"><img loading=\"lazy\" decoding=\"async\" width=\"295\" height=\"300\" src=\"https:\/\/nzjz-split.hr\/wp-content\/uploads\/2025\/10\/gr_stari_grad_1.jpg\" class=\"attachment-medium size-medium wp-image-28609\" alt=\"Gerontolo\u0161ka radionica\" srcset=\"https:\/\/nzjz-split.hr\/wp-content\/uploads\/2025\/10\/gr_stari_grad_1.jpg 1530w, https:\/\/nzjz-split.hr\/wp-content\/uploads\/2025\/10\/gr_stari_grad_1-12x12.jpg 12w, https:\/\/nzjz-split.hr\/wp-content\/uploads\/2025\/10\/gr_stari_grad_1-600x610.jpg 600w\" sizes=\"(max-width: 295px) 100vw, 295px\" \/><\/div><\/a>\n\t\t\t\t<div class=\"elementor-post__badge\">Zrelo doba<\/div>\n\t\t\t\t<div class=\"elementor-post__avatar\">\n\t\t\t<img alt='Ivana' src='https:\/\/nzjz-split.hr\/wp-content\/litespeed\/avatar\/f3a017e46ef98f192d1342279626712f.jpg?ver=1777499300' srcset='https:\/\/nzjz-split.hr\/wp-content\/litespeed\/avatar\/2579460c1a58e5194ca102bacfdc29f0.jpg?ver=1777499301 2x' class='avatar avatar-128 photo' height='128' width='128' \/>\t\t<\/div>\n\t\t\t\t<div class=\"elementor-post__text\">\n\t\t\t\t<h3 class=\"elementor-post__title\">\n\t\t\t<a href=\"https:\/\/nzjz-split.hr\/en\/gerontoloska-radionica-o-tjelesnoj-aktivnosti-kod-osoba-trece-zivotne-dobi\/\" >\n\t\t\t\tGerontolo\u0161ka radionica o tjelesnoj aktivnosti kod osoba tre\u0107e \u017eivotne dobi\t\t\t<\/a>\n\t\t<\/h3>\n\t\t\t\t<div class=\"elementor-post__excerpt\">\n\t\t\t<p>Povodom obilje\u017eavanja Me\u0111unarodnog dana starijih osoba&nbsp;u Domu za stare i nemo\u0107ne u Starom Gradu odr\u017eana je&nbsp;30. 09. 2025.&nbsp;Gerontolo\u0161ka radionica u suradnji s Gradskim dru\u0161tvom Crvenog<\/p>\n\t\t<\/div>\n\t\t\n\t\t<a class=\"elementor-post__read-more\" href=\"https:\/\/nzjz-split.hr\/en\/gerontoloska-radionica-o-tjelesnoj-aktivnosti-kod-osoba-trece-zivotne-dobi\/\" aria-label=\"Read more about Gerontolo\u0161ka radionica o tjelesnoj aktivnosti kod osoba tre\u0107e \u017eivotne dobi\" tabindex=\"-1\" >\n\t\t\tLearn more\t\t<\/a>\n\n\t\t\t\t<\/div>\n\t\t\t\t<div class=\"elementor-post__meta-data\">\n\t\t\t\t\t<span class=\"elementor-post-date\">\n\t\t\t16.10.2025.\t\t<\/span>\n\t\t\t\t<\/div>\n\t\t\t\t\t<\/div>\n\t\t<\/article>\n\t\t\t\t<article class=\"elementor-post elementor-grid-item post-26256 post type-post status-publish format-standard has-post-thumbnail hentry category-zrelo-doba\" role=\"listitem\">\n\t\t\t<div class=\"elementor-post__card\">\n\t\t\t\t<a class=\"elementor-post__thumbnail__link\" href=\"https:\/\/nzjz-split.hr\/en\/predavanje-prevencija-osteoporoze-i-padova-kod-starijih-osoba\/\" tabindex=\"-1\" ><div class=\"elementor-post__thumbnail\"><img loading=\"lazy\" decoding=\"async\" width=\"300\" height=\"226\" src=\"https:\/\/nzjz-split.hr\/wp-content\/uploads\/2025\/03\/prevencija_osteoporoze.jpg\" class=\"attachment-medium size-medium wp-image-26259\" alt=\"prevencija osteoporoze i padova kod starijih osoba\" srcset=\"https:\/\/nzjz-split.hr\/wp-content\/uploads\/2025\/03\/prevencija_osteoporoze.jpg 800w, https:\/\/nzjz-split.hr\/wp-content\/uploads\/2025\/03\/prevencija_osteoporoze-16x12.jpg 16w, https:\/\/nzjz-split.hr\/wp-content\/uploads\/2025\/03\/prevencija_osteoporoze-600x452.jpg 600w\" sizes=\"(max-width: 300px) 100vw, 300px\" \/><\/div><\/a>\n\t\t\t\t<div class=\"elementor-post__badge\">Zrelo doba<\/div>\n\t\t\t\t<div class=\"elementor-post__avatar\">\n\t\t\t<img alt='Ivana' src='https:\/\/nzjz-split.hr\/wp-content\/litespeed\/avatar\/f3a017e46ef98f192d1342279626712f.jpg?ver=1777499300' srcset='https:\/\/nzjz-split.hr\/wp-content\/litespeed\/avatar\/2579460c1a58e5194ca102bacfdc29f0.jpg?ver=1777499301 2x' class='avatar avatar-128 photo' height='128' width='128' \/>\t\t<\/div>\n\t\t\t\t<div class=\"elementor-post__text\">\n\t\t\t\t<h3 class=\"elementor-post__title\">\n\t\t\t<a href=\"https:\/\/nzjz-split.hr\/en\/predavanje-prevencija-osteoporoze-i-padova-kod-starijih-osoba\/\" >\n\t\t\t\tPredavanje \u201ePrevencija osteoporoze i padova kod starijih osoba\u201c\t\t\t<\/a>\n\t\t<\/h3>\n\t\t\t\t<div class=\"elementor-post__excerpt\">\n\t\t\t<p>Ususret Me\u0111unarodnom danu \u017eena u Domu za stare i nemo\u0107ne Stari Grad dana 07. 03. 2025. u suradnji s Gradskim dru\u0161tvom Crvenog kri\u017ea Hvar dr.<\/p>\n\t\t<\/div>\n\t\t\n\t\t<a class=\"elementor-post__read-more\" href=\"https:\/\/nzjz-split.hr\/en\/predavanje-prevencija-osteoporoze-i-padova-kod-starijih-osoba\/\" aria-label=\"Read more about Predavanje \u201ePrevencija osteoporoze i padova kod starijih osoba\u201c\" tabindex=\"-1\" >\n\t\t\tLearn more\t\t<\/a>\n\n\t\t\t\t<\/div>\n\t\t\t\t<div class=\"elementor-post__meta-data\">\n\t\t\t\t\t<span class=\"elementor-post-date\">\n\t\t\t10.03.2025.\t\t<\/span>\n\t\t\t\t<\/div>\n\t\t\t\t\t<\/div>\n\t\t<\/article>\n\t\t\t\t<article class=\"elementor-post elementor-grid-item post-25353 post type-post status-publish format-standard has-post-thumbnail hentry category-zrelo-doba\" role=\"listitem\">\n\t\t\t<div class=\"elementor-post__card\">\n\t\t\t\t<a class=\"elementor-post__thumbnail__link\" href=\"https:\/\/nzjz-split.hr\/en\/gerontoloska-radionica-vaznost-provodenja-opcih-i-specificnih-mjera-u-prevenciji-respiratornih-infekcija-2\/\" tabindex=\"-1\" ><div class=\"elementor-post__thumbnail\"><img loading=\"lazy\" decoding=\"async\" width=\"300\" height=\"225\" src=\"https:\/\/nzjz-split.hr\/wp-content\/uploads\/2024\/11\/gr0.jpg\" class=\"attachment-medium size-medium wp-image-24883\" alt=\"gerontolo\u0161ka radionica 2024.\" srcset=\"https:\/\/nzjz-split.hr\/wp-content\/uploads\/2024\/11\/gr0.jpg 1500w, https:\/\/nzjz-split.hr\/wp-content\/uploads\/2024\/11\/gr0-16x12.jpg 16w, https:\/\/nzjz-split.hr\/wp-content\/uploads\/2024\/11\/gr0-600x450.jpg 600w\" sizes=\"(max-width: 300px) 100vw, 300px\" \/><\/div><\/a>\n\t\t\t\t<div class=\"elementor-post__badge\">Zrelo doba<\/div>\n\t\t\t\t<div class=\"elementor-post__avatar\">\n\t\t\t<img alt='Ivana' src='https:\/\/nzjz-split.hr\/wp-content\/litespeed\/avatar\/f3a017e46ef98f192d1342279626712f.jpg?ver=1777499300' srcset='https:\/\/nzjz-split.hr\/wp-content\/litespeed\/avatar\/2579460c1a58e5194ca102bacfdc29f0.jpg?ver=1777499301 2x' class='avatar avatar-128 photo' height='128' width='128' \/>\t\t<\/div>\n\t\t\t\t<div class=\"elementor-post__text\">\n\t\t\t\t<h3 class=\"elementor-post__title\">\n\t\t\t<a href=\"https:\/\/nzjz-split.hr\/en\/gerontoloska-radionica-vaznost-provodenja-opcih-i-specificnih-mjera-u-prevenciji-respiratornih-infekcija-2\/\" >\n\t\t\t\tGerontolo\u0161ke radionice o va\u017enosti provo\u0111enja op\u0107ih i specifi\u010dnih mjera u prevenciji respiratornih infekcija\t\t\t<\/a>\n\t\t<\/h3>\n\t\t\t\t<div class=\"elementor-post__excerpt\">\n\t\t\t<p>Hladnije doba godine donosi pove\u0107ane rizike za pojavu infekcija di\u0161nog sustava kod osoba starije \u017eivotne dobi. To&nbsp;su naju\u010destalije infekcije u svim dobnim skupinama, ali osobito<\/p>\n\t\t<\/div>\n\t\t\n\t\t<a class=\"elementor-post__read-more\" href=\"https:\/\/nzjz-split.hr\/en\/gerontoloska-radionica-vaznost-provodenja-opcih-i-specificnih-mjera-u-prevenciji-respiratornih-infekcija-2\/\" aria-label=\"Read more about Gerontolo\u0161ke radionice o va\u017enosti provo\u0111enja op\u0107ih i specifi\u010dnih mjera u prevenciji respiratornih infekcija\" tabindex=\"-1\" >\n\t\t\tLearn more\t\t<\/a>\n\n\t\t\t\t<\/div>\n\t\t\t\t<div class=\"elementor-post__meta-data\">\n\t\t\t\t\t<span class=\"elementor-post-date\">\n\t\t\t12.12.2024.\t\t<\/span>\n\t\t\t\t<\/div>\n\t\t\t\t\t<\/div>\n\t\t<\/article>\n\t\t\t\t<article class=\"elementor-post elementor-grid-item post-24366 post type-post status-publish format-standard has-post-thumbnail hentry category-zrelo-doba\" role=\"listitem\">\n\t\t\t<div class=\"elementor-post__card\">\n\t\t\t\t<a class=\"elementor-post__thumbnail__link\" href=\"https:\/\/nzjz-split.hr\/en\/30-gerontoloska-tribina-na-temu-muskuloskeletne-bolesti-starije-zivotne-dobi\/\" tabindex=\"-1\" ><div class=\"elementor-post__thumbnail\"><img loading=\"lazy\" decoding=\"async\" width=\"300\" height=\"225\" src=\"https:\/\/nzjz-split.hr\/wp-content\/uploads\/2024\/10\/30._gerontoloska_tribina_2.jpg\" class=\"attachment-medium size-medium wp-image-24367\" alt=\"Muskuloskeletne bolesti starije \u017eivotne dobi\" srcset=\"https:\/\/nzjz-split.hr\/wp-content\/uploads\/2024\/10\/30._gerontoloska_tribina_2.jpg 1000w, https:\/\/nzjz-split.hr\/wp-content\/uploads\/2024\/10\/30._gerontoloska_tribina_2-16x12.jpg 16w, https:\/\/nzjz-split.hr\/wp-content\/uploads\/2024\/10\/30._gerontoloska_tribina_2-600x450.jpg 600w\" sizes=\"(max-width: 300px) 100vw, 300px\" \/><\/div><\/a>\n\t\t\t\t<div class=\"elementor-post__badge\">Zrelo doba<\/div>\n\t\t\t\t<div class=\"elementor-post__avatar\">\n\t\t\t<img alt='Ivana' src='https:\/\/nzjz-split.hr\/wp-content\/litespeed\/avatar\/f3a017e46ef98f192d1342279626712f.jpg?ver=1777499300' srcset='https:\/\/nzjz-split.hr\/wp-content\/litespeed\/avatar\/2579460c1a58e5194ca102bacfdc29f0.jpg?ver=1777499301 2x' class='avatar avatar-128 photo' height='128' width='128' \/>\t\t<\/div>\n\t\t\t\t<div class=\"elementor-post__text\">\n\t\t\t\t<h3 class=\"elementor-post__title\">\n\t\t\t<a href=\"https:\/\/nzjz-split.hr\/en\/30-gerontoloska-tribina-na-temu-muskuloskeletne-bolesti-starije-zivotne-dobi\/\" >\n\t\t\t\t30. gerontolo\u0161ka tribina na temu\u00a0Muskuloskeletne bolesti starije \u017eivotne dobi\t\t\t<\/a>\n\t\t<\/h3>\n\t\t\t\t<div class=\"elementor-post__excerpt\">\n\t\t\t<p>U organizaciji Odjela za gerontologiju, Slu\u017ebe za javno zdravstvo i promicanje zdravlja NZJZ SD\u017d,\u00a002. listopada 2024. odr\u017ean je stru\u010dni skup &#8211; 30. gerontolo\u0161ka tribina na<\/p>\n\t\t<\/div>\n\t\t\n\t\t<a class=\"elementor-post__read-more\" href=\"https:\/\/nzjz-split.hr\/en\/30-gerontoloska-tribina-na-temu-muskuloskeletne-bolesti-starije-zivotne-dobi\/\" aria-label=\"Read more about 30. gerontolo\u0161ka tribina na temu\u00a0Muskuloskeletne bolesti starije \u017eivotne dobi\" tabindex=\"-1\" >\n\t\t\tLearn more\t\t<\/a>\n\n\t\t\t\t<\/div>\n\t\t\t\t<div class=\"elementor-post__meta-data\">\n\t\t\t\t\t<span class=\"elementor-post-date\">\n\t\t\t08.10.2024.\t\t<\/span>\n\t\t\t\t<\/div>\n\t\t\t\t\t<\/div>\n\t\t<\/article>\n\t\t\t\t<article class=\"elementor-post elementor-grid-item post-23854 post type-post status-publish format-standard has-post-thumbnail hentry category-zrelo-doba\" role=\"listitem\">\n\t\t\t<div class=\"elementor-post__card\">\n\t\t\t\t<a class=\"elementor-post__thumbnail__link\" href=\"https:\/\/nzjz-split.hr\/en\/gerontoloska-radionica-ljeto-i-zdravlje-starijih-osoba-3\/\" tabindex=\"-1\" ><div class=\"elementor-post__thumbnail\"><img loading=\"lazy\" decoding=\"async\" width=\"300\" height=\"225\" src=\"https:\/\/nzjz-split.hr\/wp-content\/uploads\/2024\/09\/zdravlje-starijih-osoba-3.jpg\" class=\"attachment-medium size-medium wp-image-23858\" alt=\"zdravlje starijih osoba\" srcset=\"https:\/\/nzjz-split.hr\/wp-content\/uploads\/2024\/09\/zdravlje-starijih-osoba-3.jpg 4000w, https:\/\/nzjz-split.hr\/wp-content\/uploads\/2024\/09\/zdravlje-starijih-osoba-3-16x12.jpg 16w, https:\/\/nzjz-split.hr\/wp-content\/uploads\/2024\/09\/zdravlje-starijih-osoba-3-600x450.jpg 600w\" sizes=\"(max-width: 300px) 100vw, 300px\" \/><\/div><\/a>\n\t\t\t\t<div class=\"elementor-post__badge\">Zrelo doba<\/div>\n\t\t\t\t<div class=\"elementor-post__avatar\">\n\t\t\t<img alt='Ivana' src='https:\/\/nzjz-split.hr\/wp-content\/litespeed\/avatar\/f3a017e46ef98f192d1342279626712f.jpg?ver=1777499300' srcset='https:\/\/nzjz-split.hr\/wp-content\/litespeed\/avatar\/2579460c1a58e5194ca102bacfdc29f0.jpg?ver=1777499301 2x' class='avatar avatar-128 photo' height='128' width='128' \/>\t\t<\/div>\n\t\t\t\t<div class=\"elementor-post__text\">\n\t\t\t\t<h3 class=\"elementor-post__title\">\n\t\t\t<a href=\"https:\/\/nzjz-split.hr\/en\/gerontoloska-radionica-ljeto-i-zdravlje-starijih-osoba-3\/\" >\n\t\t\t\tGerontolo\u0161ka radionica &#8211; \u201eLjeto i zdravlje starijih osoba\u201c\t\t\t<\/a>\n\t\t<\/h3>\n\t\t\t\t<div class=\"elementor-post__excerpt\">\n\t\t\t<p>Unato\u010d lo\u0161em i ki\u0161nom vremenu, u srijedu 12. lipnja 2024. godine korisnici i djelatnici dnevnog boravka za starije osobe udruge sv. Jeronim okupili su se<\/p>\n\t\t<\/div>\n\t\t\n\t\t<a class=\"elementor-post__read-more\" href=\"https:\/\/nzjz-split.hr\/en\/gerontoloska-radionica-ljeto-i-zdravlje-starijih-osoba-3\/\" aria-label=\"Read more about Gerontolo\u0161ka radionica &#8211; \u201eLjeto i zdravlje starijih osoba\u201c\" tabindex=\"-1\" >\n\t\t\tLearn more\t\t<\/a>\n\n\t\t\t\t<\/div>\n\t\t\t\t<div class=\"elementor-post__meta-data\">\n\t\t\t\t\t<span class=\"elementor-post-date\">\n\t\t\t05.09.2024.\t\t<\/span>\n\t\t\t\t<\/div>\n\t\t\t\t\t<\/div>\n\t\t<\/article>\n\t\t\t\t<article class=\"elementor-post elementor-grid-item post-23847 post type-post status-publish format-standard has-post-thumbnail hentry category-zrelo-doba\" role=\"listitem\">\n\t\t\t<div class=\"elementor-post__card\">\n\t\t\t\t<a class=\"elementor-post__thumbnail__link\" href=\"https:\/\/nzjz-split.hr\/en\/zdravlje-starijih-osoba-i-ljetne-vrucine-preporuke-za-zastitu-zdravlja\/\" tabindex=\"-1\" ><div class=\"elementor-post__thumbnail\"><img loading=\"lazy\" decoding=\"async\" width=\"300\" height=\"200\" src=\"https:\/\/nzjz-split.hr\/wp-content\/uploads\/2024\/09\/zdravlje-starijih-osoba-i-vrucine.jpg\" class=\"attachment-medium size-medium wp-image-23848\" alt=\"zdravlje starijih osoba\" srcset=\"https:\/\/nzjz-split.hr\/wp-content\/uploads\/2024\/09\/zdravlje-starijih-osoba-i-vrucine.jpg 2121w, https:\/\/nzjz-split.hr\/wp-content\/uploads\/2024\/09\/zdravlje-starijih-osoba-i-vrucine-18x12.jpg 18w, https:\/\/nzjz-split.hr\/wp-content\/uploads\/2024\/09\/zdravlje-starijih-osoba-i-vrucine-600x400.jpg 600w\" sizes=\"(max-width: 300px) 100vw, 300px\" \/><\/div><\/a>\n\t\t\t\t<div class=\"elementor-post__badge\">Zrelo doba<\/div>\n\t\t\t\t<div class=\"elementor-post__avatar\">\n\t\t\t<img alt='Ivana' src='https:\/\/nzjz-split.hr\/wp-content\/litespeed\/avatar\/f3a017e46ef98f192d1342279626712f.jpg?ver=1777499300' srcset='https:\/\/nzjz-split.hr\/wp-content\/litespeed\/avatar\/2579460c1a58e5194ca102bacfdc29f0.jpg?ver=1777499301 2x' class='avatar avatar-128 photo' height='128' width='128' \/>\t\t<\/div>\n\t\t\t\t<div class=\"elementor-post__text\">\n\t\t\t\t<h3 class=\"elementor-post__title\">\n\t\t\t<a href=\"https:\/\/nzjz-split.hr\/en\/zdravlje-starijih-osoba-i-ljetne-vrucine-preporuke-za-zastitu-zdravlja\/\" >\n\t\t\t\tZdravlje starijih osoba i ljetne vru\u0107ine &#8211; preporuke za za\u0161titu zdravlja\t\t\t<\/a>\n\t\t<\/h3>\n\t\t\t\t<div class=\"elementor-post__excerpt\">\n\t\t\t<p>Klimatske promjene i pridru\u017eene promjene vremenskih prilika, uklju\u010duju\u0107i porast temperature zraka, globalnog su karaktera. Zbog valova velikih vru\u0107ina o\u010dekuje se porast prevalencije mnogih zdravstvenih problema.<\/p>\n\t\t<\/div>\n\t\t\n\t\t<a class=\"elementor-post__read-more\" href=\"https:\/\/nzjz-split.hr\/en\/zdravlje-starijih-osoba-i-ljetne-vrucine-preporuke-za-zastitu-zdravlja\/\" aria-label=\"Read more about Zdravlje starijih osoba i ljetne vru\u0107ine &#8211; preporuke za za\u0161titu zdravlja\" tabindex=\"-1\" >\n\t\t\tLearn more\t\t<\/a>\n\n\t\t\t\t<\/div>\n\t\t\t\t<div class=\"elementor-post__meta-data\">\n\t\t\t\t\t<span class=\"elementor-post-date\">\n\t\t\t05.09.2024.\t\t<\/span>\n\t\t\t\t<\/div>\n\t\t\t\t\t<\/div>\n\t\t<\/article>\n\t\t\t\t<\/div>\n\t\t\n\t\t\t\t<div class=\"e-load-more-anchor\" data-page=\"1\" data-max-page=\"3\" data-next-page=\"https:\/\/nzjz-split.hr\/en\/wp-json\/wp\/v2\/pages\/19386\/page\/2\/\"><\/div>\n\t\t\t\t<nav class=\"elementor-pagination\" aria-label=\"Pagination\">\n\t\t\t<span aria-current=\"page\" class=\"page-numbers current\"><span class=\"elementor-screen-only\">Page<\/span>1<\/span>\n<a class=\"page-numbers\" href=\"https:\/\/nzjz-split.hr\/en\/wp-json\/wp\/v2\/pages\/19386\/page\/2\/\"><span class=\"elementor-screen-only\">Page<\/span>2<\/a>\n<a class=\"page-numbers\" href=\"https:\/\/nzjz-split.hr\/en\/wp-json\/wp\/v2\/pages\/19386\/page\/3\/\"><span class=\"elementor-screen-only\">Page<\/span>3<\/a>\t\t<\/nav>\n\t\t\t\t\t\t<\/div>\n\t\t\t\t<\/div>\n\t\t\t\t\t<\/div>\n\t\t<\/div>\n\t\t\t\t\t<\/div>\n\t\t<\/section>\n\t\t\t\t<\/div>","protected":false},"excerpt":{"rendered":"<p>Zrelo doba &#8211; arhiva<\/p>","protected":false},"author":3,"featured_media":0,"parent":0,"menu_order":0,"comment_status":"closed","ping_status":"closed","template":"","meta":{"inline_featured_image":false,"footnotes":""},"class_list":["post-19386","page","type-page","status-publish","hentry"],"yoast_head":"<!-- This site is optimized with the Yoast SEO plugin v27.3 - https:\/\/yoast.com\/product\/yoast-seo-wordpress\/ -->\n<title>NZJZ SD\u017d - Zrelo doba - arhiva<\/title>\n<meta name=\"description\" content=\"Slu\u017ebene internet stranice Nastavnog Zavoda za javno zdravstvo Splitsko-dalmatinske \u017eupanije.\" \/>\n<meta name=\"robots\" content=\"index, follow, max-snippet:-1, max-image-preview:large, max-video-preview:-1\" \/>\n<link rel=\"canonical\" href=\"https:\/\/nzjz-split.hr\/en\/zrelo-doba-arhiva\/\" \/>\n<meta property=\"og:locale\" content=\"en_GB\" \/>\n<meta property=\"og:type\" content=\"article\" \/>\n<meta property=\"og:title\" content=\"NZJZ SD\u017d - Zrelo doba - arhiva\" \/>\n<meta property=\"og:description\" content=\"Slu\u017ebene internet stranice Nastavnog Zavoda za javno zdravstvo Splitsko-dalmatinske \u017eupanije.\" \/>\n<meta property=\"og:url\" content=\"https:\/\/nzjz-split.hr\/en\/zrelo-doba-arhiva\/\" \/>\n<meta property=\"og:site_name\" content=\"NZJZ SD\u017d\" \/>\n<meta property=\"article:publisher\" content=\"https:\/\/www.facebook.com\/NzjzSdz\" \/>\n<meta property=\"article:modified_time\" content=\"2024-10-10T07:02:42+00:00\" \/>\n<meta property=\"og:image\" content=\"https:\/\/nzjz-split.hr\/wp-content\/uploads\/2021\/05\/nzjz-sdz-favicon-bg.png\" \/>\n\t<meta property=\"og:image:width\" content=\"220\" \/>\n\t<meta property=\"og:image:height\" content=\"220\" \/>\n\t<meta property=\"og:image:type\" content=\"image\/png\" \/>\n<meta name=\"twitter:card\" content=\"summary_large_image\" \/>\n<meta name=\"twitter:label1\" content=\"Estimated reading time\" \/>\n\t<meta name=\"twitter:data1\" content=\"9 minutes\" \/>\n<script type=\"application\/ld+json\" class=\"yoast-schema-graph\">{\"@context\":\"https:\\\/\\\/schema.org\",\"@graph\":[{\"@type\":\"WebPage\",\"@id\":\"https:\\\/\\\/nzjz-split.hr\\\/zrelo-doba-arhiva\\\/\",\"url\":\"https:\\\/\\\/nzjz-split.hr\\\/zrelo-doba-arhiva\\\/\",\"name\":\"NZJZ SD\u017d - Zrelo doba - arhiva\",\"isPartOf\":{\"@id\":\"https:\\\/\\\/nzjz-split.hr\\\/#website\"},\"datePublished\":\"2023-06-23T06:20:23+00:00\",\"dateModified\":\"2024-10-10T07:02:42+00:00\",\"description\":\"Slu\u017ebene internet stranice Nastavnog Zavoda za javno zdravstvo Splitsko-dalmatinske \u017eupanije.\",\"breadcrumb\":{\"@id\":\"https:\\\/\\\/nzjz-split.hr\\\/zrelo-doba-arhiva\\\/#breadcrumb\"},\"inLanguage\":\"en-GB\",\"potentialAction\":[{\"@type\":\"ReadAction\",\"target\":[\"https:\\\/\\\/nzjz-split.hr\\\/zrelo-doba-arhiva\\\/\"]}]},{\"@type\":\"BreadcrumbList\",\"@id\":\"https:\\\/\\\/nzjz-split.hr\\\/zrelo-doba-arhiva\\\/#breadcrumb\",\"itemListElement\":[{\"@type\":\"ListItem\",\"position\":1,\"name\":\"Naslovnica\",\"item\":\"https:\\\/\\\/nzjz-split.hr\\\/\"},{\"@type\":\"ListItem\",\"position\":2,\"name\":\"Zrelo doba &#8211; arhiva\"}]},{\"@type\":\"WebSite\",\"@id\":\"https:\\\/\\\/nzjz-split.hr\\\/#website\",\"url\":\"https:\\\/\\\/nzjz-split.hr\\\/\",\"name\":\"NZJZ SD\u017d\",\"description\":\"Nastavni zavod za javno zdravstvo Splitsko - dalmatinske \u017eupanije\",\"publisher\":{\"@id\":\"https:\\\/\\\/nzjz-split.hr\\\/#organization\"},\"potentialAction\":[{\"@type\":\"SearchAction\",\"target\":{\"@type\":\"EntryPoint\",\"urlTemplate\":\"https:\\\/\\\/nzjz-split.hr\\\/?s={search_term_string}\"},\"query-input\":{\"@type\":\"PropertyValueSpecification\",\"valueRequired\":true,\"valueName\":\"search_term_string\"}}],\"inLanguage\":\"en-GB\"},{\"@type\":\"Organization\",\"@id\":\"https:\\\/\\\/nzjz-split.hr\\\/#organization\",\"name\":\"Nastavni zavod za javno zdravstvo Splitsko - dalmatinske \u017eupanije\",\"url\":\"https:\\\/\\\/nzjz-split.hr\\\/\",\"logo\":{\"@type\":\"ImageObject\",\"inLanguage\":\"en-GB\",\"@id\":\"https:\\\/\\\/nzjz-split.hr\\\/#\\\/schema\\\/logo\\\/image\\\/\",\"url\":\"https:\\\/\\\/nzjz-split.hr\\\/wp-content\\\/uploads\\\/2021\\\/05\\\/nzjz-sdz-favicon-bg.png\",\"contentUrl\":\"https:\\\/\\\/nzjz-split.hr\\\/wp-content\\\/uploads\\\/2021\\\/05\\\/nzjz-sdz-favicon-bg.png\",\"width\":220,\"height\":220,\"caption\":\"Nastavni zavod za javno zdravstvo Splitsko - dalmatinske \u017eupanije\"},\"image\":{\"@id\":\"https:\\\/\\\/nzjz-split.hr\\\/#\\\/schema\\\/logo\\\/image\\\/\"},\"sameAs\":[\"https:\\\/\\\/www.facebook.com\\\/NzjzSdz\"]}]}<\/script>\n<!-- \/ Yoast SEO plugin. -->","yoast_head_json":{"title":"NZJZ SD\u017d - Zrelo doba - arhiva","description":"Slu\u017ebene internet stranice Nastavnog Zavoda za javno zdravstvo Splitsko-dalmatinske \u017eupanije.","robots":{"index":"index","follow":"follow","max-snippet":"max-snippet:-1","max-image-preview":"max-image-preview:large","max-video-preview":"max-video-preview:-1"},"canonical":"https:\/\/nzjz-split.hr\/en\/zrelo-doba-arhiva\/","og_locale":"en_GB","og_type":"article","og_title":"NZJZ SD\u017d - Zrelo doba - arhiva","og_description":"Slu\u017ebene internet stranice Nastavnog Zavoda za javno zdravstvo Splitsko-dalmatinske \u017eupanije.","og_url":"https:\/\/nzjz-split.hr\/en\/zrelo-doba-arhiva\/","og_site_name":"NZJZ SD\u017d","article_publisher":"https:\/\/www.facebook.com\/NzjzSdz","article_modified_time":"2024-10-10T07:02:42+00:00","og_image":[{"width":220,"height":220,"url":"https:\/\/nzjz-split.hr\/wp-content\/uploads\/2021\/05\/nzjz-sdz-favicon-bg.png","type":"image\/png"}],"twitter_card":"summary_large_image","twitter_misc":{"Estimated reading time":"9 minutes"},"schema":{"@context":"https:\/\/schema.org","@graph":[{"@type":"WebPage","@id":"https:\/\/nzjz-split.hr\/zrelo-doba-arhiva\/","url":"https:\/\/nzjz-split.hr\/zrelo-doba-arhiva\/","name":"NZJZ SD\u017d - Zrelo doba - arhiva","isPartOf":{"@id":"https:\/\/nzjz-split.hr\/#website"},"datePublished":"2023-06-23T06:20:23+00:00","dateModified":"2024-10-10T07:02:42+00:00","description":"Slu\u017ebene internet stranice Nastavnog Zavoda za javno zdravstvo Splitsko-dalmatinske \u017eupanije.","breadcrumb":{"@id":"https:\/\/nzjz-split.hr\/zrelo-doba-arhiva\/#breadcrumb"},"inLanguage":"en-GB","potentialAction":[{"@type":"ReadAction","target":["https:\/\/nzjz-split.hr\/zrelo-doba-arhiva\/"]}]},{"@type":"BreadcrumbList","@id":"https:\/\/nzjz-split.hr\/zrelo-doba-arhiva\/#breadcrumb","itemListElement":[{"@type":"ListItem","position":1,"name":"Naslovnica","item":"https:\/\/nzjz-split.hr\/"},{"@type":"ListItem","position":2,"name":"Zrelo doba &#8211; arhiva"}]},{"@type":"WebSite","@id":"https:\/\/nzjz-split.hr\/#website","url":"https:\/\/nzjz-split.hr\/","name":"NZJZ SD\u017d","description":"Teaching Institute for Public Health, Split - Dalmatia County","publisher":{"@id":"https:\/\/nzjz-split.hr\/#organization"},"potentialAction":[{"@type":"SearchAction","target":{"@type":"EntryPoint","urlTemplate":"https:\/\/nzjz-split.hr\/?s={search_term_string}"},"query-input":{"@type":"PropertyValueSpecification","valueRequired":true,"valueName":"search_term_string"}}],"inLanguage":"en-GB"},{"@type":"Organization","@id":"https:\/\/nzjz-split.hr\/#organization","name":"Teaching Institute for Public Health, Split - Dalmatia County","url":"https:\/\/nzjz-split.hr\/","logo":{"@type":"ImageObject","inLanguage":"en-GB","@id":"https:\/\/nzjz-split.hr\/#\/schema\/logo\/image\/","url":"https:\/\/nzjz-split.hr\/wp-content\/uploads\/2021\/05\/nzjz-sdz-favicon-bg.png","contentUrl":"https:\/\/nzjz-split.hr\/wp-content\/uploads\/2021\/05\/nzjz-sdz-favicon-bg.png","width":220,"height":220,"caption":"Nastavni zavod za javno zdravstvo Splitsko - dalmatinske \u017eupanije"},"image":{"@id":"https:\/\/nzjz-split.hr\/#\/schema\/logo\/image\/"},"sameAs":["https:\/\/www.facebook.com\/NzjzSdz"]}]}},"_links":{"self":[{"href":"https:\/\/nzjz-split.hr\/en\/wp-json\/wp\/v2\/pages\/19386","targetHints":{"allow":["GET"]}}],"collection":[{"href":"https:\/\/nzjz-split.hr\/en\/wp-json\/wp\/v2\/pages"}],"about":[{"href":"https:\/\/nzjz-split.hr\/en\/wp-json\/wp\/v2\/types\/page"}],"author":[{"embeddable":true,"href":"https:\/\/nzjz-split.hr\/en\/wp-json\/wp\/v2\/users\/3"}],"replies":[{"embeddable":true,"href":"https:\/\/nzjz-split.hr\/en\/wp-json\/wp\/v2\/comments?post=19386"}],"version-history":[{"count":16,"href":"https:\/\/nzjz-split.hr\/en\/wp-json\/wp\/v2\/pages\/19386\/revisions"}],"predecessor-version":[{"id":24439,"href":"https:\/\/nzjz-split.hr\/en\/wp-json\/wp\/v2\/pages\/19386\/revisions\/24439"}],"wp:attachment":[{"href":"https:\/\/nzjz-split.hr\/en\/wp-json\/wp\/v2\/media?parent=19386"}],"curies":[{"name":"wp","href":"https:\/\/api.w.org\/{rel}","templated":true}]}}